{"id":1063,"date":"2025-06-05T06:45:42","date_gmt":"2025-06-05T04:45:42","guid":{"rendered":"https:\/\/taunale.de\/?page_id=1063"},"modified":"2025-08-08T06:14:54","modified_gmt":"2025-08-08T04:14:54","slug":"preisverleihung-matinee","status":"publish","type":"page","link":"https:\/\/taunale.de\/en\/preisverleihung-matinee\/","title":{"rendered":"Preisverleihung | Matinee"},"content":{"rendered":"<p>[et_pb_section fb_built=&#8220;1&#8243; disabled_on=&#8220;on|on|off&#8220; _builder_version=&#8220;4.27.4&#8243; _module_preset=&#8220;default&#8220; custom_margin=&#8220;0px||0px||false|false&#8220; custom_padding=&#8220;0px||0px||false|false&#8220; locked=&#8220;off&#8220; global_colors_info=&#8220;{}&#8220;][et_pb_row _builder_version=&#8220;4.27.4&#8243; _module_preset=&#8220;default&#8220; custom_margin=&#8220;0px|0px|0px|0px|true|true&#8220; custom_padding=&#8220;0px|0px|0px|0px|false|true&#8220; global_colors_info=&#8220;{}&#8220;][et_pb_column type=&#8220;4_4&#8243; _builder_version=&#8220;4.27.4&#8243; _module_preset=&#8220;default&#8220; global_colors_info=&#8220;{}&#8220;][et_pb_video src=&#8220;http:\/\/taunale.de\/wp-content\/uploads\/2025\/06\/V1-0062_preisverleihung_00764511.mp4&#8243; module_class=&#8220;divicake-autoplay-btn&#8220; _builder_version=&#8220;4.27.4&#8243; _module_preset=&#8220;default&#8220; background_enable_video_mp4=&#8220;off&#8220; width=&#8220;100vw&#8220; module_alignment=&#8220;center&#8220; height=&#8220;100%&#8220; custom_margin=&#8220;0px|0px|0px|0px|true|false&#8220; custom_padding=&#8220;0px|0px|0px|0px|false|false&#8220; global_colors_info=&#8220;{}&#8220;][\/et_pb_video][\/et_pb_column][\/et_pb_row][\/et_pb_section][et_pb_section fb_built=&#8220;1&#8243; _builder_version=&#8220;4.27.4&#8243; _module_preset=&#8220;default&#8220; background_enable_image=&#8220;off&#8220; custom_margin=&#8220;90px||||false|false&#8220; custom_margin_tablet=&#8220;90px||||false|false&#8220; custom_margin_phone=&#8220;90px||||false|false&#8220; custom_margin_last_edited=&#8220;on|phone&#8220; custom_padding=&#8220;||0px||false|false&#8220; global_colors_info=&#8220;{}&#8220;][et_pb_row _builder_version=&#8220;4.27.4&#8243; _module_preset=&#8220;default&#8220; custom_margin=&#8220;||24px||false|false&#8220; global_colors_info=&#8220;{}&#8220;][et_pb_column type=&#8220;4_4&#8243; _builder_version=&#8220;4.23.1&#8243; _module_preset=&#8220;default&#8220; global_colors_info=&#8220;{}&#8220;][et_pb_text _builder_version=&#8220;4.27.4&#8243; _module_preset=&#8220;default&#8220; header_font=&#8220;|||on|||||&#8220; header_text_align=&#8220;center&#8220; header_text_color=&#8220;#303030&#8243; header_font_size=&#8220;60px&#8220; header_letter_spacing=&#8220;6px&#8220; header_2_font=&#8220;|||on|||||&#8220; header_2_text_align=&#8220;center&#8220; header_2_font_size=&#8220;54px&#8220; header_2_letter_spacing=&#8220;6px&#8220; header_3_font_size=&#8220;21px&#8220; custom_margin=&#8220;0px||||false|false&#8220; custom_padding=&#8220;0px||0px||false|false&#8220; header_font_size_tablet=&#8220;60px&#8220; header_font_size_phone=&#8220;24px&#8220; header_font_size_last_edited=&#8220;on|phone&#8220; header_2_font_size_tablet=&#8220;54px&#8220; header_2_font_size_phone=&#8220;18px&#8220; header_2_font_size_last_edited=&#8220;on|phone&#8220; locked=&#8220;off&#8220; global_colors_info=&#8220;{}&#8220;]<\/p>\n<h1 style=\"text-align: center;\"><strong>Preisverleihung \/ Matinee<\/strong><\/h1>\n<p>[\/et_pb_text][et_pb_text _builder_version=&#8220;4.27.4&#8243; _module_preset=&#8220;default&#8220; header_2_text_align=&#8220;center&#8220; header_2_font_size=&#8220;18px&#8220; header_2_letter_spacing=&#8220;1px&#8220; header_2_line_height=&#8220;1.5em&#8220; custom_margin=&#8220;26px||||false|false&#8220; global_colors_info=&#8220;{}&#8220;]<\/p>\n<h2>Dieses Jahr findet die feierliche Preisverleihung im Festivalzentrum elaya Hotel statt. Highlights sind:<\/h2>\n<p>[\/et_pb_text][\/et_pb_column][\/et_pb_row][\/et_pb_section][et_pb_section fb_built=&#8220;1&#8243; _builder_version=&#8220;4.23.1&#8243; _module_preset=&#8220;default&#8220; module_alignment=&#8220;center&#8220; border_radii=&#8220;on|10px|10px|10px|10px&#8220; border_color_all=&#8220;RGBA(255,255,255,0)&#8220; global_colors_info=&#8220;{}&#8220;][et_pb_row _builder_version=&#8220;4.23.1&#8243; _module_preset=&#8220;default&#8220; global_colors_info=&#8220;{}&#8220;][et_pb_column type=&#8220;4_4&#8243; _builder_version=&#8220;4.23.1&#8243; _module_preset=&#8220;default&#8220; global_colors_info=&#8220;{}&#8220;][et_pb_text admin_label=&#8220;ab 11:00 Uhr Brunch&#8220; _builder_version=&#8220;4.27.4&#8243; _module_preset=&#8220;015a2071-ed67-46fa-a968-1eaa9aee847f&#8220; text_font_size=&#8220;18px&#8220; header_font=&#8220;||||||||&#8220; header_3_font=&#8220;||||||||&#8220; header_3_font_size=&#8220;36px&#8220; header_3_letter_spacing=&#8220;2px&#8220; header_3_line_height=&#8220;1.4em&#8220; header_4_text_color=&#8220;#303030&#8243; use_background_color_gradient=&#8220;on&#8220; background_color_gradient_stops=&#8220;#ffd700 1%|#eddd53 100%&#8220; background_enable_image=&#8220;off&#8220; text_orientation=&#8220;center&#8220; custom_margin=&#8220;0px||||false|false&#8220; custom_padding=&#8220;12px||6px||false|false&#8220; border_radii=&#8220;on|10px|10px|10px|10px&#8220; global_colors_info=&#8220;{}&#8220;]<\/p>\n<h4 style=\"text-align: center;\">11:00 Uhr<\/h4>\n<h3 style=\"text-align: center;\">Film<\/h3>\n<p>[\/et_pb_text][\/et_pb_column][\/et_pb_row][et_pb_row column_structure=&#8220;1_3,1_3,1_3&#8243; custom_padding_last_edited=&#8220;on|phone&#8220; _builder_version=&#8220;4.27.4&#8243; _module_preset=&#8220;default&#8220; max_width=&#8220;85%&#8220; custom_margin=&#8220;60px||||false|false&#8220; custom_margin_tablet=&#8220;60px||||false|false&#8220; custom_margin_phone=&#8220;0px||||false|false&#8220; custom_margin_last_edited=&#8220;on|phone&#8220; custom_padding_tablet=&#8220;&#8220; custom_padding_phone=&#8220;0px||||false|false&#8220; locked=&#8220;off&#8220; global_colors_info=&#8220;{}&#8220;][et_pb_column type=&#8220;1_3&#8243; _builder_version=&#8220;4.23.1&#8243; _module_preset=&#8220;default&#8220; global_colors_info=&#8220;{}&#8220;][\/et_pb_column][et_pb_column type=&#8220;1_3&#8243; _builder_version=&#8220;4.23.1&#8243; _module_preset=&#8220;default&#8220; global_colors_info=&#8220;{}&#8220;][et_pb_text module_id=&#8220;Kurzfilm&#8220; _builder_version=&#8220;4.27.4&#8243; _module_preset=&#8220;default&#8220; text_font=&#8220;||||||||&#8220; text_text_color=&#8220;#303030&#8243; text_line_height=&#8220;1.6em&#8220; header_font=&#8220;|||on|||||&#8220; header_text_align=&#8220;center&#8220; header_text_color=&#8220;#303030&#8243; header_font_size=&#8220;60px&#8220; header_letter_spacing=&#8220;6px&#8220; header_2_font=&#8220;|||on|||||&#8220; header_2_text_align=&#8220;center&#8220; header_2_font_size=&#8220;48px&#8220; header_2_letter_spacing=&#8220;6px&#8220; header_3_font=&#8220;||||||||&#8220; header_3_font_size=&#8220;36px&#8220; header_3_line_height=&#8220;1.5em&#8220; header_4_font=&#8220;||||||||&#8220; header_4_text_color=&#8220;#303030&#8243; header_4_font_size=&#8220;28px&#8220; header_4_line_height=&#8220;1.5em&#8220; text_orientation=&#8220;center&#8220; custom_margin=&#8220;||6px||false|false&#8220; custom_margin_tablet=&#8220;||6px||false|false&#8220; custom_margin_phone=&#8220;0px||||false|false&#8220; custom_margin_last_edited=&#8220;on|phone&#8220; custom_padding=&#8220;0px||0px||false|false&#8220; header_font_size_tablet=&#8220;60px&#8220; header_font_size_phone=&#8220;48px&#8220; header_font_size_last_edited=&#8220;on|phone&#8220; header_2_font_size_tablet=&#8220;54px&#8220; header_2_font_size_phone=&#8220;21px&#8220; header_2_font_size_last_edited=&#8220;on|phone&#8220; header_3_font_size_tablet=&#8220;36px&#8220; header_3_font_size_phone=&#8220;24px&#8220; header_3_font_size_last_edited=&#8220;on|phone&#8220; header_3_line_height_tablet=&#8220;1.5em&#8220; header_3_line_height_phone=&#8220;1.5em&#8220; header_3_line_height_last_edited=&#8220;on|phone&#8220; header_4_font_size_tablet=&#8220;28px&#8220; header_4_font_size_phone=&#8220;28px&#8220; header_4_font_size_last_edited=&#8220;on|desktop&#8220; global_colors_info=&#8220;{}&#8220;]<\/p>\n<h3>Changing Sides<\/h3>\n<h4>&#8211; Teil der Preisverleihung &#8211;<\/h4>\n<p>[\/et_pb_text][et_pb_text admin_label=&#8220;Uhrzeit \/ Saal&#8220; _builder_version=&#8220;4.27.4&#8243; _module_preset=&#8220;51e437ba-17ab-4ba1-9ddb-550eab44c8a5&#8243; header_3_font_size=&#8220;36px&#8220; header_3_line_height=&#8220;1.5em&#8220; background_color=&#8220;RGBA(255,255,255,0)&#8220; custom_margin=&#8220;56px||||false|false&#8220; custom_padding=&#8220;||||false|false&#8220; header_3_font_size_tablet=&#8220;36px&#8220; header_3_font_size_phone=&#8220;24px&#8220; header_3_line_height_tablet=&#8220;1.5em&#8220; header_3_line_height_phone=&#8220;1.5em&#8220; header_3_line_height_last_edited=&#8220;on|phone&#8220; border_radii=&#8220;on|10px|10px|10px|10px&#8220; global_colors_info=&#8220;{}&#8220;]<\/p>\n<h4 style=\"text-align: center;\"><strong>11:00 Uhr<\/strong>, Elaya<\/h4>\n<p>[\/et_pb_text][et_pb_text _builder_version=&#8220;4.27.4&#8243; _module_preset=&#8220;default&#8220; text_text_color=&#8220;#303030&#8243; header_3_font_size=&#8220;36px&#8220; header_3_line_height=&#8220;1.5em&#8220; hover_enabled=&#8220;0&#8243; header_3_font_size_tablet=&#8220;36px&#8220; header_3_font_size_phone=&#8220;24px&#8220; header_3_font_size_last_edited=&#8220;on|phone&#8220; header_3_line_height_tablet=&#8220;1.5em&#8220; header_3_line_height_phone=&#8220;1.5em&#8220; header_3_line_height_last_edited=&#8220;on|phone&#8220; global_colors_info=&#8220;{}&#8220; sticky_enabled=&#8220;0&#8243;]<\/p>\n<p><strong>Dokumentation, Deutschland, 2025, 1h 22.<br \/>Regie: Loraine Blumenthal<\/strong><\/p>\n<p>[\/et_pb_text][et_pb_text _builder_version=&#8220;4.27.4&#8243; _module_preset=&#8220;default&#8220; text_text_color=&#8220;#303030&#8243; header_3_font_size=&#8220;36px&#8220; header_3_line_height=&#8220;1.5em&#8220; header_3_font_size_tablet=&#8220;36px&#8220; header_3_font_size_phone=&#8220;24px&#8220; header_3_font_size_last_edited=&#8220;on|phone&#8220; header_3_line_height_tablet=&#8220;1.5em&#8220; header_3_line_height_phone=&#8220;1.5em&#8220; header_3_line_height_last_edited=&#8220;on|phone&#8220; global_colors_info=&#8220;{}&#8220;]<\/p>\n<p><strong>Vorfilm: Im Osten was Neues (Kurzfilm Integration)<\/strong><\/p>\n<p>[\/et_pb_text][et_pb_image src=&#8220;https:\/\/taunale.de\/wp-content\/uploads\/2025\/07\/f2efd3d30a-poster.jpg&#8220; title_text=&#8220;Changing Sides Bild&#8220; _builder_version=&#8220;4.27.4&#8243; _module_preset=&#8220;default&#8220; width=&#8220;100%&#8220; module_alignment=&#8220;left&#8220; global_colors_info=&#8220;{}&#8220;][\/et_pb_image][et_pb_toggle title=&#8220;Beschreibung&#8220; open_toggle_text_color=&#8220;#303030&#8243; admin_label=&#8220;Umschalter Details&#8220; _builder_version=&#8220;4.27.4&#8243; _module_preset=&#8220;default&#8220; title_text_color=&#8220;#303030&#8243; title_font=&#8220;|700|||||||&#8220; body_text_color=&#8220;#303030&#8243; global_colors_info=&#8220;{}&#8220;]<\/p>\n<p>Thomas \u201eEichi\u201c Eichst\u00e4tt trainiert den Fu\u00dfballverein FC Pio in Ostdeutschland. Viele der jungen Spieler sind aus ihren Heimatl\u00e4ndern geflohen und k\u00e4mpfen mit der Jobsuche, Akzeptanz und ihrer Vergangenheit.<\/p>\n<p>Eichi ist f\u00fcr viele eine Vaterfigur, blickt aber auch auf eine dunkle Zeit als Rechtsextremist zur\u00fcck.<\/p>\n<p>[\/et_pb_toggle][et_pb_slider arrows_custom_color=&#8220;#303030&#8243; dot_nav_custom_color=&#8220;#303030&#8243; _builder_version=&#8220;4.27.4&#8243; _module_preset=&#8220;default&#8220; background_color=&#8220;RGBA(255,255,255,0)&#8220; custom_margin=&#8220;||||false|false&#8220; custom_padding=&#8220;||39px||false|false&#8220; global_colors_info=&#8220;{}&#8220;][et_pb_slide image=&#8220;https:\/\/taunale.de\/wp-content\/uploads\/2025\/07\/1.Asad_Rummel.jpg&#8220; arrows_custom_color=&#8220;#303030&#8243; dot_nav_custom_color=&#8220;#303030&#8243; _builder_version=&#8220;4.27.4&#8243; _module_preset=&#8220;default&#8220; background_enable_color=&#8220;off&#8220; global_colors_info=&#8220;{}&#8220; sticky_transition=&#8220;on&#8220;][\/et_pb_slide][et_pb_slide image=&#8220;https:\/\/taunale.de\/wp-content\/uploads\/2025\/07\/1.Eichi_Trainer.jpg&#8220; arrows_custom_color=&#8220;#303030&#8243; dot_nav_custom_color=&#8220;#303030&#8243; _builder_version=&#8220;4.27.4&#8243; _module_preset=&#8220;default&#8220; background_enable_color=&#8220;off&#8220; global_colors_info=&#8220;{}&#8220; sticky_transition=&#8220;on&#8220;][\/et_pb_slide][et_pb_slide image=&#8220;https:\/\/taunale.de\/wp-content\/uploads\/2025\/07\/2.Thomas.jpg&#8220; arrows_custom_color=&#8220;#303030&#8243; dot_nav_custom_color=&#8220;#303030&#8243; _builder_version=&#8220;4.27.4&#8243; _module_preset=&#8220;default&#8220; background_enable_color=&#8220;off&#8220; global_colors_info=&#8220;{}&#8220; sticky_transition=&#8220;on&#8220;][\/et_pb_slide][et_pb_slide image=&#8220;https:\/\/taunale.de\/wp-content\/uploads\/2025\/07\/3._Eichi.jpg&#8220; arrows_custom_color=&#8220;#303030&#8243; dot_nav_custom_color=&#8220;#303030&#8243; _builder_version=&#8220;4.27.4&#8243; _module_preset=&#8220;default&#8220; background_enable_color=&#8220;off&#8220; global_colors_info=&#8220;{}&#8220; sticky_transition=&#8220;on&#8220;][\/et_pb_slide][et_pb_slide image=&#8220;https:\/\/taunale.de\/wp-content\/uploads\/2025\/07\/Eichi.jpg&#8220; arrows_custom_color=&#8220;#303030&#8243; dot_nav_custom_color=&#8220;#303030&#8243; _builder_version=&#8220;4.27.4&#8243; _module_preset=&#8220;default&#8220; background_enable_color=&#8220;off&#8220; global_colors_info=&#8220;{}&#8220; sticky_transition=&#8220;on&#8220;][\/et_pb_slide][et_pb_slide image=&#8220;https:\/\/taunale.de\/wp-content\/uploads\/2025\/07\/Torgelow.jpg&#8220; arrows_custom_color=&#8220;#303030&#8243; dot_nav_custom_color=&#8220;#303030&#8243; _builder_version=&#8220;4.27.4&#8243; _module_preset=&#8220;default&#8220; background_enable_color=&#8220;off&#8220; global_colors_info=&#8220;{}&#8220; sticky_transition=&#8220;on&#8220;][\/et_pb_slide][\/et_pb_slider][et_pb_button button_url=&#8220;https:\/\/www.ticketino.com\/de\/Event\/Matinee-Preisverleihung\/205120&#8243; url_new_window=&#8220;on&#8220; button_text=&#8220;Tickets&#8220; button_alignment=&#8220;center&#8220; _builder_version=&#8220;4.27.4&#8243; _module_preset=&#8220;default&#8220; custom_button=&#8220;on&#8220; button_text_size=&#8220;18px&#8220; button_text_color=&#8220;#FFFFFF&#8220; button_bg_color=&#8220;#B31A1A&#8220; button_bg_use_color_gradient=&#8220;on&#8220; button_bg_color_gradient_direction=&#8220;120deg&#8220; button_bg_color_gradient_stops=&#8220;#e82222 0%|#b31a1a 50%&#8220; button_border_width=&#8220;1px&#8220; button_border_color=&#8220;#B31A1A&#8220; button_border_radius=&#8220;24px&#8220; button_icon=&#8220;&#x35;||divi||400&#8243; button_icon_color=&#8220;#FFFFFF&#8220; custom_margin=&#8220;36px||18px||false|false&#8220; custom_padding=&#8220;||||false|false&#8220; button_text_size_tablet=&#8220;16px&#8220; button_text_size_phone=&#8220;16px&#8220; button_text_size_last_edited=&#8220;on|tablet&#8220; locked=&#8220;off&#8220; global_colors_info=&#8220;{}&#8220; button_bg_color__hover=&#8220;#B31A1A&#8220; button_bg_color__hover_enabled=&#8220;on|hover&#8220; button_bg_use_color_gradient__hover=&#8220;on&#8220; button_bg_color_gradient_direction__hover=&#8220;100deg&#8220; button_bg_color_gradient_stops__hover=&#8220;#b31a1a 50%|#e22222 100%&#8220;][\/et_pb_button][et_pb_divider color=&#8220;#D94639&#8243; divider_style=&#8220;dotted&#8220; divider_position=&#8220;center&#8220; divider_weight=&#8220;3px&#8220; _builder_version=&#8220;4.23.1&#8243; _module_preset=&#8220;default&#8220; width=&#8220;20%&#8220; module_alignment=&#8220;center&#8220; global_colors_info=&#8220;{}&#8220;][\/et_pb_divider][\/et_pb_column][et_pb_column type=&#8220;1_3&#8243; _builder_version=&#8220;4.23.1&#8243; _module_preset=&#8220;default&#8220; global_colors_info=&#8220;{}&#8220;][\/et_pb_column][\/et_pb_row][\/et_pb_section][et_pb_section fb_built=&#8220;1&#8243; _builder_version=&#8220;4.27.4&#8243; _module_preset=&#8220;default&#8220; custom_margin=&#8220;48px||||false|false&#8220; global_colors_info=&#8220;{}&#8220;][et_pb_row _builder_version=&#8220;4.27.4&#8243; _module_preset=&#8220;default&#8220; custom_margin=&#8220;||||true|false&#8220; global_colors_info=&#8220;{}&#8220;][et_pb_column type=&#8220;4_4&#8243; _builder_version=&#8220;4.23.1&#8243; _module_preset=&#8220;default&#8220; global_colors_info=&#8220;{}&#8220;][et_pb_text admin_label=&#8220;ab 11:00 Uhr Brunch&#8220; _builder_version=&#8220;4.27.4&#8243; _module_preset=&#8220;015a2071-ed67-46fa-a968-1eaa9aee847f&#8220; header_font=&#8220;||||||||&#8220; header_3_font=&#8220;||||||||&#8220; header_3_font_size=&#8220;36px&#8220; header_3_letter_spacing=&#8220;2px&#8220; header_3_line_height=&#8220;1.4em&#8220; header_4_text_color=&#8220;#303030&#8243; use_background_color_gradient=&#8220;on&#8220; background_color_gradient_stops=&#8220;#ffd700 1%|#eddd53 100%&#8220; background_enable_image=&#8220;off&#8220; custom_margin=&#8220;0px||||false|false&#8220; custom_padding=&#8220;12px||6px||false|false&#8220; border_radii=&#8220;on|10px|10px|10px|10px&#8220; global_colors_info=&#8220;{}&#8220;]<\/p>\n<h4 style=\"text-align: center;\">12:30 Uhr<\/h4>\n<h3 style=\"text-align: center;\">Brunch<\/h3>\n<p>[\/et_pb_text][\/et_pb_column][\/et_pb_row][et_pb_row _builder_version=&#8220;4.27.4&#8243; _module_preset=&#8220;default&#8220; custom_margin=&#8220;||||true|false&#8220; global_colors_info=&#8220;{}&#8220;][et_pb_column type=&#8220;4_4&#8243; _builder_version=&#8220;4.23.1&#8243; _module_preset=&#8220;default&#8220; global_colors_info=&#8220;{}&#8220;][et_pb_image src=&#8220;http:\/\/taunale.de\/wp-content\/uploads\/2025\/06\/Filmfest-Oberursel-Vom-Essen-Leben-Lieben-2022.jpg&#8220; title_text=&#8220;Table,With,Food,,Top,View&#8220; force_fullwidth=&#8220;on&#8220; _builder_version=&#8220;4.23.1&#8243; _module_preset=&#8220;default&#8220; border_radii=&#8220;on|10px|10px|10px|10px&#8220; global_colors_info=&#8220;{}&#8220;][\/et_pb_image][\/et_pb_column][\/et_pb_row][\/et_pb_section][et_pb_section fb_built=&#8220;1&#8243; _builder_version=&#8220;4.27.4&#8243; _module_preset=&#8220;default&#8220; custom_margin=&#8220;48px||||false|false&#8220; global_colors_info=&#8220;{}&#8220;][et_pb_row _builder_version=&#8220;4.23.1&#8243; _module_preset=&#8220;default&#8220; global_colors_info=&#8220;{}&#8220;][et_pb_column type=&#8220;4_4&#8243; _builder_version=&#8220;4.23.1&#8243; _module_preset=&#8220;default&#8220; global_colors_info=&#8220;{}&#8220;][et_pb_text admin_label=&#8220;ab 11:00 Uhr Brunch&#8220; _builder_version=&#8220;4.27.4&#8243; _module_preset=&#8220;015a2071-ed67-46fa-a968-1eaa9aee847f&#8220; header_font=&#8220;||||||||&#8220; header_3_font=&#8220;||||||||&#8220; header_3_font_size=&#8220;36px&#8220; header_3_letter_spacing=&#8220;2px&#8220; header_3_line_height=&#8220;1.4em&#8220; header_4_text_color=&#8220;#303030&#8243; use_background_color_gradient=&#8220;on&#8220; background_color_gradient_stops=&#8220;#ffd700 1%|#eddd53 100%&#8220; background_enable_image=&#8220;off&#8220; custom_margin=&#8220;0px||||false|false&#8220; custom_padding=&#8220;12px||6px||false|false&#8220; border_radii=&#8220;on|10px|10px|10px|10px&#8220; global_colors_info=&#8220;{}&#8220;]<\/p>\n<h4 style=\"text-align: center;\">13:00 Uhr<\/h4>\n<h3 style=\"text-align: center;\">Preisverleihung<\/h3>\n<p>[\/et_pb_text][\/et_pb_column][\/et_pb_row][et_pb_row _builder_version=&#8220;4.23.1&#8243; _module_preset=&#8220;default&#8220; global_colors_info=&#8220;{}&#8220;][et_pb_column type=&#8220;4_4&#8243; _builder_version=&#8220;4.23.1&#8243; _module_preset=&#8220;default&#8220; global_colors_info=&#8220;{}&#8220;][et_pb_text admin_label=&#8220;Freuen Sie sich&#8220; _builder_version=&#8220;4.27.4&#8243; _module_preset=&#8220;015a2071-ed67-46fa-a968-1eaa9aee847f&#8220; global_colors_info=&#8220;{}&#8220;]<\/p>\n<p style=\"text-align: center;\">Freuen Sie sich auf eine <strong>festliche Preisverleihung<\/strong> f\u00fcr die vier besten Filme beim Filmfest Oberursel 2025. Alle Gewinnerfilme wurden von einer <strong>unabh\u00e4ngigen<\/strong> <strong><a href=\"https:\/\/filmfest-oberursel.de\/jury\/\">Jury<\/a> <\/strong>ausgew\u00e4hlt. Alle Gewinner werden mit einem <strong>Geldpreis<\/strong> ausgezeichnet.<\/p>\n<p>[\/et_pb_text][\/et_pb_column][\/et_pb_row][et_pb_row column_structure=&#8220;1_3,1_3,1_3&#8243; _builder_version=&#8220;4.27.4&#8243; _module_preset=&#8220;default&#8220; background_color=&#8220;#303030&#8243; max_width=&#8220;75%&#8220; custom_padding=&#8220;|24px||24px|false|true&#8220; global_colors_info=&#8220;{}&#8220;][et_pb_column type=&#8220;1_3&#8243; _builder_version=&#8220;4.23.1&#8243; _module_preset=&#8220;default&#8220; global_colors_info=&#8220;{}&#8220;][et_pb_image src=&#8220;https:\/\/taunale.de\/wp-content\/uploads\/2025\/06\/BESTSHORTFILM-TaunusFilmfestOberursel-2025-scaled.png&#8220; title_text=&#8220;BESTSHORTFILM-TaunusFilmfestOberursel-2025&#8243; _builder_version=&#8220;4.27.4&#8243; _module_preset=&#8220;default&#8220; border_radii=&#8220;on|10px|10px|10px|10px&#8220; global_colors_info=&#8220;{}&#8220;][\/et_pb_image][et_pb_text admin_label=&#8220;Bester Kurzfilm&#8220; _builder_version=&#8220;4.27.4&#8243; _module_preset=&#8220;015a2071-ed67-46fa-a968-1eaa9aee847f&#8220; text_text_color=&#8220;#FFFFFF&#8220; header_font=&#8220;||||||||&#8220; header_3_text_align=&#8220;center&#8220; header_3_text_color=&#8220;#FFFFFF&#8220; text_orientation=&#8220;center&#8220; custom_padding=&#8220;10px|10px|10px|10px|true|true&#8220; border_radii=&#8220;on|10px|10px|10px|10px&#8220; border_color_all=&#8220;#D94639&#8243; global_colors_info=&#8220;{}&#8220;]<\/p>\n<h3>Bester Kurzfilm<\/h3>\n<p><strong>Preis: 500,00 \u20ac<\/strong><\/p>\n<p>[\/et_pb_text][\/et_pb_column][et_pb_column type=&#8220;1_3&#8243; _builder_version=&#8220;4.23.1&#8243; _module_preset=&#8220;default&#8220; global_colors_info=&#8220;{}&#8220;][et_pb_image src=&#8220;https:\/\/taunale.de\/wp-content\/uploads\/2025\/06\/BESTFOODFILM-TaunusFilmfestOberursel-2025-scaled.png&#8220; title_text=&#8220;BESTFOODFILM-TaunusFilmfestOberursel-2025&#8243; _builder_version=&#8220;4.27.4&#8243; _module_preset=&#8220;default&#8220; border_radii=&#8220;on|10px|10px|10px|10px&#8220; global_colors_info=&#8220;{}&#8220;][\/et_pb_image][et_pb_text admin_label=&#8220;Bester Langfilm&#8220; _builder_version=&#8220;4.27.4&#8243; _module_preset=&#8220;015a2071-ed67-46fa-a968-1eaa9aee847f&#8220; text_text_color=&#8220;#FFFFFF&#8220; header_font=&#8220;||||||||&#8220; header_3_text_align=&#8220;center&#8220; header_3_text_color=&#8220;#FFFFFF&#8220; text_orientation=&#8220;center&#8220; custom_padding=&#8220;10px|10px|10px|10px|true|true&#8220; border_radii=&#8220;on|10px|10px|10px|10px&#8220; border_color_all=&#8220;#D94639&#8243; global_colors_info=&#8220;{}&#8220;]<\/p>\n<h3>Bester Langfilm<\/h3>\n<p><strong>Preis: 1.000,00 \u20ac<\/strong><\/p>\n<p>[\/et_pb_text][et_pb_image src=&#8220;https:\/\/taunale.de\/wp-content\/uploads\/2025\/06\/BESTINTEGRATIONFILM-TaunusFilmfestOberursel-2025-scaled.png&#8220; title_text=&#8220;BESTINTEGRATIONFILM-TaunusFilmfestOberursel-2025&#8243; _builder_version=&#8220;4.27.4&#8243; _module_preset=&#8220;default&#8220; border_radii=&#8220;on|10px|10px|10px|10px&#8220; global_colors_info=&#8220;{}&#8220;][\/et_pb_image][et_pb_text admin_label=&#8220;Bester Integrationsfilm&#8220; _builder_version=&#8220;4.27.4&#8243; _module_preset=&#8220;015a2071-ed67-46fa-a968-1eaa9aee847f&#8220; text_text_color=&#8220;#FFFFFF&#8220; header_font=&#8220;||||||||&#8220; header_3_text_align=&#8220;center&#8220; header_3_text_color=&#8220;#FFFFFF&#8220; text_orientation=&#8220;center&#8220; custom_padding=&#8220;10px|10px|0px|10px|false|true&#8220; border_radii=&#8220;on|10px|10px|10px|10px&#8220; border_color_all=&#8220;#D94639&#8243; global_colors_info=&#8220;{}&#8220;]<\/p>\n<h3>Sonderpreis<br \/>Bester Integrationsfilm<\/h3>\n<p><strong>Preis: 500,00 \u20ac<\/strong><\/p>\n<p>Gestiftet von:<\/p>\n<p>[\/et_pb_text][et_pb_image src=&#8220;https:\/\/taunale.de\/wp-content\/uploads\/2025\/06\/Logo-Rotary-Frankfurt-1000px-300&#215;150-1.jpg&#8220; title_text=&#8220;Logo-Rotary-Frankfurt-1000px-300&#215;150-1&#8243; _builder_version=&#8220;4.27.4&#8243; _module_preset=&#8220;default&#8220; max_width=&#8220;45%&#8220; module_alignment=&#8220;center&#8220; custom_margin=&#8220;0px||||false|false&#8220; custom_padding=&#8220;0px||||false|false&#8220; global_colors_info=&#8220;{}&#8220;][\/et_pb_image][\/et_pb_column][et_pb_column type=&#8220;1_3&#8243; _builder_version=&#8220;4.23.1&#8243; _module_preset=&#8220;default&#8220; global_colors_info=&#8220;{}&#8220;][et_pb_image src=&#8220;https:\/\/taunale.de\/wp-content\/uploads\/2025\/06\/BESTFEATUREFILM-TaunusFilmfestOberursel-2025-scaled.png&#8220; title_text=&#8220;BESTFEATUREFILM-TaunusFilmfestOberursel-2025&#8243; _builder_version=&#8220;4.27.4&#8243; _module_preset=&#8220;default&#8220; border_radii=&#8220;on|10px|10px|10px|10px&#8220; global_colors_info=&#8220;{}&#8220;][\/et_pb_image][et_pb_text admin_label=&#8220;Bester Langfilm&#8220; _builder_version=&#8220;4.27.4&#8243; _module_preset=&#8220;015a2071-ed67-46fa-a968-1eaa9aee847f&#8220; text_text_color=&#8220;#FFFFFF&#8220; header_font=&#8220;||||||||&#8220; header_3_text_align=&#8220;center&#8220; header_3_text_color=&#8220;#FFFFFF&#8220; text_orientation=&#8220;center&#8220; custom_padding=&#8220;10px|10px|10px|10px|true|true&#8220; border_radii=&#8220;on|10px|10px|10px|10px&#8220; border_color_all=&#8220;#D94639&#8243; global_colors_info=&#8220;{}&#8220;]<\/p>\n<h3>Bester Foodfilm<\/h3>\n<p><strong>Preis: 500,00 \u20ac<\/strong><\/p>\n<p>[\/et_pb_text][\/et_pb_column][\/et_pb_row][\/et_pb_section][et_pb_section fb_built=&#8220;1&#8243; _builder_version=&#8220;4.27.4&#8243; _module_preset=&#8220;default&#8220; global_colors_info=&#8220;{}&#8220;][et_pb_row _builder_version=&#8220;4.27.4&#8243; _module_preset=&#8220;default&#8220; global_colors_info=&#8220;{}&#8220;][et_pb_column type=&#8220;4_4&#8243; _builder_version=&#8220;4.27.4&#8243; _module_preset=&#8220;default&#8220; global_colors_info=&#8220;{}&#8220;][et_pb_button button_url=&#8220;https:\/\/www.ticketino.com\/de\/Event\/Matinee-Preisverleihung\/205120&#8243; url_new_window=&#8220;on&#8220; button_text=&#8220;Tickets&#8220; button_alignment=&#8220;center&#8220; _builder_version=&#8220;4.27.4&#8243; _module_preset=&#8220;default&#8220; custom_button=&#8220;on&#8220; button_text_size=&#8220;18px&#8220; button_text_color=&#8220;#FFFFFF&#8220; button_bg_color=&#8220;#B31A1A&#8220; button_bg_use_color_gradient=&#8220;on&#8220; button_bg_color_gradient_direction=&#8220;120deg&#8220; button_bg_color_gradient_stops=&#8220;#e82222 0%|#b31a1a 50%&#8220; button_border_width=&#8220;1px&#8220; button_border_color=&#8220;#B31A1A&#8220; button_border_radius=&#8220;24px&#8220; button_icon=&#8220;&#x35;||divi||400&#8243; button_icon_color=&#8220;#FFFFFF&#8220; custom_margin=&#8220;36px||18px||false|false&#8220; custom_padding=&#8220;||||false|false&#8220; button_text_size_tablet=&#8220;16px&#8220; button_text_size_phone=&#8220;16px&#8220; button_text_size_last_edited=&#8220;on|tablet&#8220; locked=&#8220;off&#8220; global_colors_info=&#8220;{}&#8220; button_bg_color__hover=&#8220;#B31A1A&#8220; button_bg_color__hover_enabled=&#8220;on|hover&#8220; button_bg_use_color_gradient__hover=&#8220;on&#8220; button_bg_color_gradient_direction__hover=&#8220;100deg&#8220; button_bg_color_gradient_stops__hover=&#8220;#b31a1a 50%|#e22222 100%&#8220;][\/et_pb_button][\/et_pb_column][\/et_pb_row][\/et_pb_section][et_pb_section fb_built=&#8220;1&#8243; disabled_on=&#8220;on|on|on&#8220; _builder_version=&#8220;4.27.4&#8243; _module_preset=&#8220;default&#8220; background_color=&#8220;#EFEFEF&#8220; disabled=&#8220;on&#8220; global_colors_info=&#8220;{}&#8220;][et_pb_row column_structure=&#8220;1_3,1_3,1_3&#8243; _builder_version=&#8220;4.23.1&#8243; _module_preset=&#8220;default&#8220; global_colors_info=&#8220;{}&#8220;][et_pb_column type=&#8220;1_3&#8243; _builder_version=&#8220;4.23.1&#8243; _module_preset=&#8220;default&#8220; global_colors_info=&#8220;{}&#8220;][et_pb_text _builder_version=&#8220;4.23.1&#8243; _module_preset=&#8220;015a2071-ed67-46fa-a968-1eaa9aee847f&#8220; global_colors_info=&#8220;{}&#8220;]<\/p>\n<p>Tickets f\u00fcr die Matinee sind ausschlie\u00dflich \u00fcber die Website des Kulturcaf\u00e9s Windrose erh\u00e4ltlich.<\/p>\n<p><strong>Der Eintritt ist frei. Reservierung erforderlich.<\/strong> Die Teilnahme am Brunch kostet 20,\u2013 \u20ac<\/p>\n<p>[\/et_pb_text][\/et_pb_column][et_pb_column type=&#8220;1_3&#8243; _builder_version=&#8220;4.23.1&#8243; _module_preset=&#8220;default&#8220; global_colors_info=&#8220;{}&#8220;][et_pb_text _builder_version=&#8220;4.23.1&#8243; _module_preset=&#8220;015a2071-ed67-46fa-a968-1eaa9aee847f&#8220; global_colors_info=&#8220;{}&#8220;]<\/p>\n<p><em>Tickets for the matinee are only available via the Kulturcaf\u00e9 Windrose website.<\/em><\/p>\n<p><em><strong>Entry is free.<\/strong> <strong>Reservation required.<\/strong> Caf\u00e9 Windrose will charge 20,\u2013 \u20ac for the Brunch.<\/em><\/p>\n<p>[\/et_pb_text][\/et_pb_column][et_pb_column type=&#8220;1_3&#8243; _builder_version=&#8220;4.23.1&#8243; _module_preset=&#8220;default&#8220; global_colors_info=&#8220;{}&#8220;][et_pb_button button_url=&#8220;https:\/\/www.kulturcafe-windrose.de\/event-details\/filmfest-oberursel-matinee-award-ceremony-mit-brunch&#8220; url_new_window=&#8220;on&#8220; button_text=&#8220;Get a ticket&#8220; button_alignment=&#8220;center&#8220; admin_label=&#8220;Button Ticket&#8220; _builder_version=&#8220;4.23.1&#8243; _module_preset=&#8220;18debbbf-d31f-4a22-bf83-61aa994afe50&#8243; custom_button=&#8220;on&#8220; global_colors_info=&#8220;{}&#8220;][\/et_pb_button][\/et_pb_column][\/et_pb_row][\/et_pb_section]<\/p>\n","protected":false},"excerpt":{"rendered":"<p>Preisverleihung \/ MatineeDieses Jahr findet die feierliche Preisverleihung im Festivalzentrum elaya Hotel statt. Highlights sind:11:00 Uhr FilmChanging Sides &#8211; Teil der Preisverleihung -11:00 Uhr, ElayaDokumentation, Deutschland, 2025, 1h 22.Regie: Loraine BlumenthalVorfilm: Im Osten was Neues (Kurzfilm Integration)Thomas \u201eEichi\u201c Eichst\u00e4tt trainiert den Fu\u00dfballverein FC Pio in Ostdeutschland. Viele der jungen Spieler sind aus ihren Heimatl\u00e4ndern geflohen [&hellip;]<\/p>\n","protected":false},"author":2,"featured_media":0,"parent":0,"menu_order":0,"comment_status":"closed","ping_status":"closed","template":"","meta":{"_et_pb_use_builder":"on","_et_pb_old_content":"","_et_gb_content_width":"","footnotes":""},"class_list":["post-1063","page","type-page","status-publish","hentry"],"_links":{"self":[{"href":"https:\/\/taunale.de\/en\/wp-json\/wp\/v2\/pages\/1063","targetHints":{"allow":["GET"]}}],"collection":[{"href":"https:\/\/taunale.de\/en\/wp-json\/wp\/v2\/pages"}],"about":[{"href":"https:\/\/taunale.de\/en\/wp-json\/wp\/v2\/types\/page"}],"author":[{"embeddable":true,"href":"https:\/\/taunale.de\/en\/wp-json\/wp\/v2\/users\/2"}],"replies":[{"embeddable":true,"href":"https:\/\/taunale.de\/en\/wp-json\/wp\/v2\/comments?post=1063"}],"version-history":[{"count":27,"href":"https:\/\/taunale.de\/en\/wp-json\/wp\/v2\/pages\/1063\/revisions"}],"predecessor-version":[{"id":2365,"href":"https:\/\/taunale.de\/en\/wp-json\/wp\/v2\/pages\/1063\/revisions\/2365"}],"wp:attachment":[{"href":"https:\/\/taunale.de\/en\/wp-json\/wp\/v2\/media?parent=1063"}],"curies":[{"name":"wp","href":"https:\/\/api.w.org\/{rel}","templated":true}]}}